{"id":5451,"date":"2024-06-25T11:08:54","date_gmt":"2024-06-25T09:08:54","guid":{"rendered":"https:\/\/www.ch-aubusson.fr\/site\/?post_type=jobs&#038;p=5451"},"modified":"2026-04-09T16:05:53","modified_gmt":"2026-04-09T14:05:53","slug":"ide-50-nuit-medecine","status":"publish","type":"jobs","link":"https:\/\/www.ch-aubusson.fr\/site\/poste\/ide-50-nuit-medecine\/","title":{"rendered":"IDE nuit m\u00e9decine"},"author":2,"featured_media":0,"template":"","meta":{"site-sidebar-layout":"default","site-content-layout":"","ast-site-content-layout":"normal-width-container","site-content-style":"default","site-sidebar-style":"default","ast-global-header-display":"","ast-banner-title-visibility":"","ast-main-header-display":"","ast-hfb-above-header-display":"","ast-hfb-below-header-display":"","ast-hfb-mobile-header-display":"","site-post-title":"","ast-breadcrumbs-content":"","ast-featured-img":"","footer-sml-layout":"","theme-transparent-header-meta":"default","adv-header-id-meta":"","stick-header-meta":"","header-above-stick-meta":"","header-main-stick-meta":"","header-below-stick-meta":"","astra-migrate-meta-layouts":"set","ast-page-background-enabled":"default","ast-page-background-meta":{"desktop":{"background-color":"var(--ast-global-color-4)","background-image":"","background-repeat":"repeat","background-position":"center center","background-size":"auto","background-attachment":"scroll","background-type":"","background-media":"","overlay-type":"","overlay-color":"","overlay-opacity":"","overlay-gradient":""},"tablet":{"background-color":"","background-image":"","background-repeat":"repeat","background-position":"center center","background-size":"auto","background-attachment":"scroll","background-type":"","background-media":"","overlay-type":"","overlay-color":"","overlay-opacity":"","overlay-gradient":""},"mobile":{"background-color":"","background-image":"","background-repeat":"repeat","background-position":"center center","background-size":"auto","background-attachment":"scroll","background-type":"","background-media":"","overlay-type":"","overlay-color":"","overlay-opacity":"","overlay-gradient":""}},"ast-content-background-meta":{"desktop":{"background-color":"var(--ast-global-color-5)","background-image":"","background-repeat":"repeat","background-position":"center center","background-size":"auto","background-attachment":"scroll","background-type":"","background-media":"","overlay-type":"","overlay-color":"","overlay-opacity":"","overlay-gradient":""},"tablet":{"background-color":"var(--ast-global-color-5)","background-image":"","background-repeat":"repeat","background-position":"center center","background-size":"auto","background-attachment":"scroll","background-type":"","background-media":"","overlay-type":"","overlay-color":"","overlay-opacity":"","overlay-gradient":""},"mobile":{"background-color":"var(--ast-global-color-5)","background-image":"","background-repeat":"repeat","background-position":"center center","background-size":"auto","background-attachment":"scroll","background-type":"","background-media":"","overlay-type":"","overlay-color":"","overlay-opacity":"","overlay-gradient":""}}},"class_list":["post-5451","jobs","type-jobs","status-publish","hentry","jobs_category-filiere-medico-technique"],"yoast_head":"<!-- This site is optimized with the Yoast SEO plugin v25.5 - https:\/\/yoast.com\/wordpress\/plugins\/seo\/ -->\n<title>IDE nuit m\u00e9decine -<\/title>\n<meta name=\"robots\" content=\"index, follow, max-snippet:-1, max-image-preview:large, max-video-preview:-1\" \/>\n<link rel=\"canonical\" href=\"https:\/\/www.ch-aubusson.fr\/site\/poste\/ide-50-nuit-medecine\/\" \/>\n<meta property=\"og:locale\" content=\"fr_FR\" \/>\n<meta property=\"og:type\" content=\"article\" \/>\n<meta property=\"og:title\" content=\"IDE nuit m\u00e9decine -\" \/>\n<meta property=\"og:url\" content=\"https:\/\/www.ch-aubusson.fr\/site\/poste\/ide-50-nuit-medecine\/\" \/>\n<meta property=\"article:publisher\" content=\"https:\/\/www.facebook.com\/people\/Centre-Hospitalier-dAubusson\/100064042814456\/\" \/>\n<meta property=\"article:modified_time\" content=\"2026-04-09T14:05:53+00:00\" \/>\n<meta name=\"twitter:card\" content=\"summary_large_image\" \/>\n<!-- \/ Yoast SEO plugin. -->","yoast_head_json":{"title":"IDE nuit m\u00e9decine -","robots":{"index":"index","follow":"follow","max-snippet":"max-snippet:-1","max-image-preview":"max-image-preview:large","max-video-preview":"max-video-preview:-1"},"canonical":"https:\/\/www.ch-aubusson.fr\/site\/poste\/ide-50-nuit-medecine\/","og_locale":"fr_FR","og_type":"article","og_title":"IDE nuit m\u00e9decine -","og_url":"https:\/\/www.ch-aubusson.fr\/site\/poste\/ide-50-nuit-medecine\/","article_publisher":"https:\/\/www.facebook.com\/people\/Centre-Hospitalier-dAubusson\/100064042814456\/","article_modified_time":"2026-04-09T14:05:53+00:00","twitter_card":"summary_large_image","schema":{"@context":"https:\/\/schema.org","@graph":[{"@type":"WebPage","@id":"https:\/\/www.ch-aubusson.fr\/site\/poste\/ide-50-nuit-medecine\/","url":"https:\/\/www.ch-aubusson.fr\/site\/poste\/ide-50-nuit-medecine\/","name":"IDE nuit m\u00e9decine -","isPartOf":{"@id":"https:\/\/www.ch-aubusson.fr\/site\/#website"},"datePublished":"2024-06-25T09:08:54+00:00","dateModified":"2026-04-09T14:05:53+00:00","breadcrumb":{"@id":"https:\/\/www.ch-aubusson.fr\/site\/poste\/ide-50-nuit-medecine\/#breadcrumb"},"inLanguage":"fr-FR","potentialAction":[{"@type":"ReadAction","target":["https:\/\/www.ch-aubusson.fr\/site\/poste\/ide-50-nuit-medecine\/"]}]},{"@type":"BreadcrumbList","@id":"https:\/\/www.ch-aubusson.fr\/site\/poste\/ide-50-nuit-medecine\/#breadcrumb","itemListElement":[{"@type":"ListItem","position":1,"name":"Accueil","item":"https:\/\/www.ch-aubusson.fr\/site\/"},{"@type":"ListItem","position":2,"name":"IDE nuit m\u00e9decine"}]},{"@type":"WebSite","@id":"https:\/\/www.ch-aubusson.fr\/site\/#website","url":"https:\/\/www.ch-aubusson.fr\/site\/","name":"Centre Hospitalier d'Aubusson","description":"","publisher":{"@id":"https:\/\/www.ch-aubusson.fr\/site\/#organization"},"potentialAction":[{"@type":"SearchAction","target":{"@type":"EntryPoint","urlTemplate":"https:\/\/www.ch-aubusson.fr\/site\/?s={search_term_string}"},"query-input":{"@type":"PropertyValueSpecification","valueRequired":true,"valueName":"search_term_string"}}],"inLanguage":"fr-FR"},{"@type":"Organization","@id":"https:\/\/www.ch-aubusson.fr\/site\/#organization","name":"Centre Hospitalier d'Aubusson","url":"https:\/\/www.ch-aubusson.fr\/site\/","logo":{"@type":"ImageObject","inLanguage":"fr-FR","@id":"https:\/\/www.ch-aubusson.fr\/site\/#\/schema\/logo\/image\/","url":"https:\/\/www.ch-aubusson.fr\/site\/wp-content\/uploads\/2024\/01\/cropped-LogoCentreHospitalier_Vertical_3Tonos-2.png","contentUrl":"https:\/\/www.ch-aubusson.fr\/site\/wp-content\/uploads\/2024\/01\/cropped-LogoCentreHospitalier_Vertical_3Tonos-2.png","width":800,"height":654,"caption":"Centre Hospitalier d'Aubusson"},"image":{"@id":"https:\/\/www.ch-aubusson.fr\/site\/#\/schema\/logo\/image\/"},"sameAs":["https:\/\/www.facebook.com\/people\/Centre-Hospitalier-dAubusson\/100064042814456\/","https:\/\/www.linkedin.com\/company\/ch-aubusson"]}]}},"_edit_lock":"1775743963:2","_edit_last":"2","bluet_exclude_post_from_matching":"","bluet_exclude_keywords_from_matching":"","bluet_matching_keywords_field":[],"job_custom_message":"","position_title":"IDE nuit M\u00e9decine\/Urgences","sort-position_title":"sort-left-0","position_title-custom-title":"","position_title-hide-title":"on","position_title-hide-field":"off","position_title-field-tag":"div","position_title-field-tag-title":"div","position_title-field-class":"","position_logo":"","sort-position_logo":"sort-right-0","position_logo-custom-title":"","position_logo-hide-title":"off","position_logo-hide-field":"off","position_logo-field-tag":"div","position_logo-field-tag-title":"div","position_logo-field-class":"","position_employment_type":{"0":"FULL_TIME","1":"CONTRACTOR","2":"TEMPORARY","3":"OTHER","other_input":"avec possibilt\u00e9 de reprise d'anciennet\u00e9 et d'\u00e9volutions; par voie de mutation ou d\u00e9tachement"},"sort-position_employment_type":"sort-right-1","position_employment_type-custom-title":"","position_employment_type-hide-title":"off","position_employment_type-hide-field":"off","position_employment_type-field-tag":"div","position_employment_type-field-tag-title":"div","position_employment_type-field-class":"","position_employment_begining":"","sort-position_employment_begining":"sort-right-5","position_employment_begining-custom-title":"","position_employment_begining-hide-title":"off","position_employment_begining-hide-field":"off","position_employment_begining-field-tag":"div","position_employment_begining-field-tag-title":"div","position_employment_begining-field-class":"","position_employment_duration":"","sort-position_employment_duration":"sort-right-6","position_employment_duration-custom-title":"","position_employment_duration-hide-title":"off","position_employment_duration-hide-field":"off","position_employment_duration-field-tag":"div","position_employment_duration-field-tag-title":"div","position_employment_duration-field-class":"","position_industry":"","sort-position_industry":"sort-right-7","position_industry-custom-title":"","position_industry-hide-title":"off","position_industry-hide-field":"off","position_industry-field-tag":"div","position_industry-field-tag-title":"div","position_industry-field-class":"","position_job_location":"23200 Moutier-Rozeille","sort-position_job_location":"sort-right-3","position_job_location-custom-title":"","position_job_location-hide-title":"off","position_job_location-hide-field":"off","position_job_location-field-tag":"div","position_job_location-field-tag-title":"div","position_job_location-field-class":"","position_description":"Envie d\u2019exercer votre activit\u00e9 dans un cadre de vie agr\u00e9able et un \u00e9tablissement \u00e0 dimension humaine\u2026 Rejoignez le Centre Hospitalier d\u2019Aubusson\u00a0!\r\n\r\n&nbsp;\r\n\r\nNous recherchons une <strong>infirmi\u00e8re dipl\u00f4m\u00e9e d\u2019\u00e9tat, de nuit, \u00e0 temps plein,<\/strong> pour un poste mutualis\u00e9 entre les service de m\u00e9decine et les urgences sur le site de la croix blanche, mais faisant partie int\u00e9grante du Centre Hospitalier d\u2019Aubusson.\r\n\r\nCe service comprend actuellement 24 lits de m\u00e9decine g\u00e9riatrique, 2 lits de m\u00e9decine polyvalente et 2 lits identifi\u00e9s soins palliatifs. La capacit\u00e9 d\u2019accueil est pass\u00e9 \u00e0 28 lits le 1<sup>er<\/sup> septembre 2023. Vous exercerez la nuit en \u00e9quipe avec 2 aides-soignants.\r\n\r\nSur ce m\u00eame site sont pr\u00e9sents un service d\u2019Urgences, un service de chirurgie ambulatoire, un service d\u2019imagerie avec un plateau technique complet (radiographie, scannographie, \u00e9chographie, mammographie) et de la biologie d\u00e9localis\u00e9e. Une PUI d\u00e9livre en m\u00e9dicaments et dispositifs m\u00e9dicaux tous les services de l\u2019\u00e9tablissement.\r\n\r\n&nbsp;\r\n\r\nSur un vaste territoire de sant\u00e9, le Centre hospitalier d\u2019Aubusson est l\u2019\u00e9tablissement de recours du bassin sud creusois. Disposant de 370 lits et places et employant plus de 350 agents, il propose une fili\u00e8re g\u00e9riatrique compl\u00e8te.\r\n\r\nPlusieurs dispositifs viennent en appui de cette fili\u00e8re\u00a0: l\u2019UPSAV, la PTA, une consultation m\u00e9moire, l\u2019Equipe Mobile de Soins Palliatifs, l\u2019Equipe Op\u00e9rationnelle d\u2019Hygi\u00e8ne.\r\n\r\n&nbsp;","sort-position_description":"sort-left-1","position_description-custom-title":"","position_description-hide-title":"off","position_description-hide-field":"off","position_description-field-tag":"div","position_description-field-tag-title":"div","position_description-field-class":"","position_responsibilities":"<ul>\r\n \t<li>Dispenser les soins de nature pr\u00e9ventive, curative, \u00e9ducative et coordonner la prise en charge de la population accueillie en lien avec ses domaines de comp\u00e9tences dans le respect de l'\u00e9thique professionnelle, les valeurs de l'\u00e9tablissement et des r\u00e8gles institutionnelles.<\/li>\r\n \t<li>Assurer la qualit\u00e9 la s\u00e9curit\u00e9 de la prise en charge de la population accueillie<\/li>\r\n \t<li>Assurer l'information et la communication avec les personnes accueillies et l'entourage<\/li>\r\n \t<li>Participer aux actions de formation, d'encadrement, d'am\u00e9lioration de la qualit\u00e9 et autres travaux institutionnels et collaborer en \u00e9quipe.<\/li>\r\n<\/ul>","sort-position_responsibilities":"sort-left-2","position_responsibilities-custom-title":"Missions","position_responsibilities-hide-title":"off","position_responsibilities-hide-field":"off","position_responsibilities-field-tag":"div","position_responsibilities-field-tag-title":"div","position_responsibilities-field-class":"","position_qualifications":"<strong>Domaine des soins <\/strong>:\r\n<ul>\r\n \t<li>Analyser l\u2019\u00e9tat de sant\u00e9 de la population accueillie et contribuer au recueil de donn\u00e9es<\/li>\r\n \t<li>\u00c9valuer les besoins et formuler des objectifs de soins, les r\u00e9ajuster et coordonner les soins infirmiers n\u00e9cessaires \u00e0 la personne<\/li>\r\n \t<li>Dispenser les actes prescrits en relation avec les missions du service (g\u00e9riatrie, r\u00e9\u00e9ducation, soins palliatifs, m\u00e9dicosocial)<\/li>\r\n \t<li>Collaborer en vue de contribuer \u00e0 la prise en charge globale des personnes soign\u00e9es en \u00e9quipe pluridisciplinaire<\/li>\r\n \t<li>Assurer la tra\u00e7abilit\u00e9 des actes infirmiers dispens\u00e9s et d\u00e9l\u00e9gu\u00e9s aux AS dans la limite de leurs comp\u00e9tences<\/li>\r\n \t<li>Collaborer avec les diff\u00e9rents intervenants externes : sp\u00e9cialistes, EMSP<\/li>\r\n<\/ul>\r\n<strong>Domaine de la qualit\u00e9 de la prise en charge et de la s\u00e9curit\u00e9 :<\/strong><strong>\u00a0<\/strong>\r\n<ul>\r\n \t<li>Appliquer les recommandations de bonnes pratiques professionnelles<\/li>\r\n \t<li>Appliquer les protocoles en vigueur dans l\u2019\u00e9tablissement<\/li>\r\n \t<li>S\u2019assurer de la qualit\u00e9 des soins dispens\u00e9s par d\u00e9l\u00e9gation par les AS<\/li>\r\n \t<li>Mettre en \u0153uvre un projet de soins individualis\u00e9 et personnalis\u00e9<\/li>\r\n \t<li>Mettre en \u0153uvre les mesures garantissant la s\u00e9curit\u00e9 : identito- vigilance, surveillance li\u00e9e aux risques identifi\u00e9s.<\/li>\r\n \t<li>Participer \u00e0 l\u2019application de techniques ergonomiques : manutention, utilisation des aides techniques<\/li>\r\n \t<li>Prendre part aux choix de mat\u00e9riels, produits en lien avec l\u2019activit\u00e9 du service<\/li>\r\n \t<li>G\u00e9rer les stocks de produits, de mat\u00e9riel dans son domaine de comp\u00e9tence<\/li>\r\n<\/ul>\r\n<strong>Domaine de l\u2019information et la communication :<\/strong><strong>\u00a0<\/strong>\r\n<ul>\r\n \t<li>D\u00e9livrer d\u00e8s l\u2019admission les informations concernant les conditions d\u2019accueil et de s\u00e9jour<\/li>\r\n \t<li>Donner aux personnes soign\u00e9es et \u00e0 leur entourage des informations relatives aux soins ou administratives dans la limite de leurs comp\u00e9tences et des r\u00e8gles professionnelles<\/li>\r\n \t<li>Informer, conseiller le patient et son entourage dans le cadre du projet de soins<\/li>\r\n \t<li>Participer au programme d\u2019\u00e9ducation th\u00e9rapeutique<\/li>\r\n \t<li>Collaborer \u00e0 l\u2019animation mise en \u0153uvre pour les personnes accueillies en h\u00e9bergement<\/li>\r\n<\/ul>\r\n<strong>Domaine de la formation, de l\u2019encadrement, de l\u2019am\u00e9lioration de la qualit\u00e9 et autres travaux institutionnels, et de la collaboration en \u00e9quipe<\/strong>\r\n<ul>\r\n \t<li>Participer \u00e0 l\u2019encadrement et la formation des \u00e9tudiants : tutorat, encadrement de terrain<\/li>\r\n \t<li>Participer \u00e0 l\u2019accueil et \u00e0 l\u2019encadrement des nouveaux professionnels<\/li>\r\n \t<li>Mettre en \u0153uvre les b\u00e9n\u00e9fices de la formation au service de l\u2019ensemble de l\u2019\u00e9quipe.<\/li>\r\n \t<li>Proposer des actions d\u2019am\u00e9lioration aux responsables du service<\/li>\r\n \t<li>Collaborer avec les diff\u00e9rents professionnels pour optimiser la prise en charge de la population accueillie (kin\u00e9sith\u00e9rapeutes, ergo, psychomotricien, psychologue, di\u00e9t\u00e9ticienne, animateur, musicoth\u00e9rapeute...)<\/li>\r\n \t<li>Assurer la fonction de r\u00e9f\u00e9rents au sein du service dans les domaines en lien avec leurs activit\u00e9s<\/li>\r\n<\/ul>","sort-position_qualifications":"sort-left-3","position_qualifications-custom-title":"Activit\u00e9 Principales","position_qualifications-hide-title":"off","position_qualifications-hide-field":"off","position_qualifications-field-tag":"div","position_qualifications-field-tag-title":"div","position_qualifications-field-class":"","position_job_benefits":"Dipl\u00f4me d\u2019\u00e9tat d\u2019infirmier requis, avec num\u00e9ro RPPS.","sort-position_job_benefits":"sort-left-4","position_job_benefits-custom-title":"Profil","position_job_benefits-hide-title":"off","position_job_benefits-hide-field":"off","position_job_benefits-field-tag":"div","position_job_benefits-field-tag-title":"div","position_job_benefits-field-class":"","position_contacts":"M TRAVERS Marc\r\n\r\nDirecteur des Ressources Humaines\r\n\r\nmarc.travers@ch-aubusson.fr","sort-position_contacts":"sort-left-5","position_contacts-custom-title":"","position_contacts-hide-title":"off","position_contacts-hide-field":"off","position_contacts-field-tag":"div","position_contacts-field-tag-title":"div","position_contacts-field-class":"","position_work_hours":"","sort-position_work_hours":"sort-right-8","position_work_hours-custom-title":"","position_work_hours-hide-title":"off","position_work_hours-hide-field":"off","position_work_hours-field-tag":"div","position_work_hours-field-tag-title":"div","position_work_hours-field-class":"","position_base_salary":"","sort-position_base_salary":"sort-disabled-7","position_base_salary-custom-title":"","position_base_salary-hide-title":"off","position_base_salary-hide-field":"off","position_base_salary-field-tag":"div","position_base_salary-field-tag-title":"div","position_base_salary-field-class":"","sort-position_date_posted":"sort-right-9","position_date_posted-custom-title":"","position_date_posted-hide-title":"on","position_date_posted-hide-field":"on","position_date_posted-field-tag":"div","position_date_posted-field-tag-title":"div","position_date_posted-field-class":"","position_valid_through":"","sort-position_valid_through":"sort-right-4","position_valid_through-custom-title":"","position_valid_through-hide-title":"off","position_valid_through-hide-field":"off","position_valid_through-field-tag":"div","position_valid_through-field-tag-title":"div","position_valid_through-field-class":"","position_pdf_export":"","sort-position_pdf_export":"sort-right-10","position_pdf_export-custom-title":"","position_pdf_export-hide-title":"off","position_pdf_export-hide-field":"off","position_pdf_export-field-tag":"div","position_pdf_export-field-tag-title":"div","position_pdf_export-field-class":"","position_apply_now":"Postuler maintenant","sort-position_apply_now":"sort-right-11","position_apply_now-custom-title":"","position_apply_now-hide-title":"off","position_apply_now-hide-field":"off","position_apply_now-field-tag":"div","position_apply_now-field-tag-title":"div","position_apply_now-field-class":"","position_educationRequirements":"","sort-position_educationRequirements":"sort-disabled-0","position_educationRequirements-custom-title":"","position_educationRequirements-hide-title":"off","position_educationRequirements-hide-field":"off","position_educationRequirements-field-tag":"div","position_educationRequirements-field-tag-title":"div","position_educationRequirements-field-class":"","position_experienceRequirements":"","sort-position_experienceRequirements":"sort-disabled-1","position_experienceRequirements-custom-title":"","position_experienceRequirements-hide-title":"off","position_experienceRequirements-hide-field":"off","position_experienceRequirements-field-tag":"div","position_experienceRequirements-field-tag-title":"div","position_experienceRequirements-field-class":"","position_skills":"","sort-position_skills":"sort-disabled-2","position_skills-custom-title":"","position_skills-hide-title":"off","position_skills-hide-field":"off","position_skills-field-tag":"div","position_skills-field-tag-title":"div","position_skills-field-class":"","position_button":"Bouton","sort-position_button":"sort-disabled-3","position_button-custom-title":"","position_button-hide-title":"off","position_button-hide-field":"off","position_button-field-tag":"div","position_button-field-tag-title":"div","position_button-field-class":"","position_button-url":"","position_button-url-target":"_blank","position_button-style":"primary-style","position_pdf_job":"","sort-position_pdf_job":"sort-disabled-4","position_pdf_job-custom-title":"","position_pdf_job-hide-title":"off","position_pdf_job-hide-field":"off","position_pdf_job-field-tag":"div","position_pdf_job-field-tag-title":"div","position_pdf_job-field-class":"","position_custom_text_1":"<img class=\"wp-image-996\" src=\"https:\/\/www.ch-aubusson.fr\/site\/wp-content\/uploads\/2024\/01\/la-terrade.jpg\" width=\"540\" height=\"312\" \/>\r\n\r\nUn territoire de savoir-faire d\u2019excellence\r\n<a href=\"\/%22\/www.tourisme-creuse.com\/%22\/%22\">https:\/\/www.tourisme-creuse.com<\/a>","sort-position_custom_text_1":"sort-right-2","position_custom_text_1-custom-title":"","position_custom_text_1-hide-title":"off","position_custom_text_1-hide-field":"off","position_custom_text_1-field-tag":"div","position_custom_text_1-field-tag-title":"div","position_custom_text_1-field-class":"","position_custom_text_2":"","sort-position_custom_text_2":"sort-disabled-5","position_custom_text_2-custom-title":"","position_custom_text_2-hide-title":"off","position_custom_text_2-hide-field":"off","position_custom_text_2-field-tag":"div","position_custom_text_2-field-tag-title":"div","position_custom_text_2-field-class":"","position_custom_text_3":"","sort-position_custom_text_3":"sort-disabled-6","position_custom_text_3-custom-title":"","position_custom_text_3-hide-title":"off","position_custom_text_3-hide-field":"off","position_custom_text_3-field-tag":"div","position_custom_text_3-field-tag-title":"div","position_custom_text_3-field-class":"","sort-position_inline_apply_now":"sort-disabled-8","position_inline_apply_now-custom-title":"","position_inline_apply_now-hide-title":"off","position_inline_apply_now-hide-field":"off","position_inline_apply_now-field-tag":"div","position_inline_apply_now-field-tag-title":"div","position_inline_apply_now-field-class":"","position_hiring_organization_name":"Centre Hospitalier d Aubusson","position_job_location_streetAddress":"SITE croix blanche, 3, C\u00f4te Ribi\u00e9re","position_job_location_postalCode":"23200","position_job_location_addressLocality":"23200 Moutier-Rozeille","position_job_location_addressRegion":"","position_job_location_addressCountry":"","position_job_location_remote":"","job_remote_data":[{"type":"","name":""}],"position_pdf_job_name":"","position_base_salary_upto":"","position_base_salary_unittext":"","position_valid_through_date":"1970-01-01","jobs_post_metrics_counted":"yes","site-sidebar-layout":"default","ast-site-content-layout":"normal-width-container","site-content-style":"default","site-sidebar-style":"default","theme-transparent-header-meta":"default","_yoast_wpseo_primary_jobs_category":"10","_yoast_wpseo_estimated-reading-time-minutes":"0","_yoast_wpseo_wordproof_timestamp":"","_yoast_wpseo_content_score":"90","astra-migrate-meta-layouts":"set","_links":{"self":[{"href":"https:\/\/www.ch-aubusson.fr\/site\/wp-json\/wp\/v2\/jobs\/5451","targetHints":{"allow":["GET"]}}],"collection":[{"href":"https:\/\/www.ch-aubusson.fr\/site\/wp-json\/wp\/v2\/jobs"}],"about":[{"href":"https:\/\/www.ch-aubusson.fr\/site\/wp-json\/wp\/v2\/types\/jobs"}],"author":[{"embeddable":true,"href":"https:\/\/www.ch-aubusson.fr\/site\/wp-json\/wp\/v2\/users\/2"}],"wp:attachment":[{"href":"https:\/\/www.ch-aubusson.fr\/site\/wp-json\/wp\/v2\/media?parent=5451"}],"curies":[{"name":"wp","href":"https:\/\/api.w.org\/{rel}","templated":true}]}}