{"id":2609,"date":"2024-02-19T09:48:08","date_gmt":"2024-02-19T08:48:08","guid":{"rendered":"http:\/\/www.ch-aubusson.fr\/site\/?page_id=2609"},"modified":"2024-04-15T12:03:16","modified_gmt":"2024-04-15T10:03:16","slug":"vie-en-ehpad","status":"publish","type":"page","link":"https:\/\/www.ch-aubusson.fr\/site\/vie-en-ehpad\/","title":{"rendered":"Vie en EHPAD"},"content":{"rendered":"\n<div style=\"height:40px\" aria-hidden=\"true\" class=\"wp-block-spacer\"><\/div>\n\n\n\n<h2 class=\"wp-block-heading\">vie en ephad<\/h2>\n\n\n\n<h4 class=\"wp-block-heading presentationehpad\">Nous mettons tout en \u0153uvre pour favoriser votre installation dans un lieu o\u00f9 il vous sera agr\u00e9able de vivre<br>NOTRE objectif  est d\u2019accompagner les r\u00e9sidents en leur offrant confort, vie sociale, s\u00e9curit\u00e9, soins et suivi m\u00e9dical.<\/h4>\n\n\n\n<div class=\"wp-block-columns is-layout-flex wp-container-core-columns-is-layout-28f84493 wp-block-columns-is-layout-flex\">\n<div class=\"wp-block-column is-layout-flow wp-block-column-is-layout-flow\">\n<div class=\"wp-block-cover alignright priseencharge wp-duotone-unset-1\" style=\"min-height:200px;aspect-ratio:unset;\"><span aria-hidden=\"true\" class=\"wp-block-cover__background has-background-dim\"><\/span><img loading=\"lazy\" decoding=\"async\" width=\"2560\" height=\"1707\" class=\"wp-block-cover__image-background wp-image-70\" alt=\"\" src=\"https:\/\/www.ch-aubusson.fr\/site\/wp-content\/uploads\/2024\/01\/le_mont-scaled.jpg\" data-object-fit=\"cover\" srcset=\"https:\/\/www.ch-aubusson.fr\/site\/wp-content\/uploads\/2024\/01\/le_mont-scaled.jpg 2560w, https:\/\/www.ch-aubusson.fr\/site\/wp-content\/uploads\/2024\/01\/le_mont-300x200.jpg 300w, https:\/\/www.ch-aubusson.fr\/site\/wp-content\/uploads\/2024\/01\/le_mont-1024x683.jpg 1024w, https:\/\/www.ch-aubusson.fr\/site\/wp-content\/uploads\/2024\/01\/le_mont-768x512.jpg 768w, https:\/\/www.ch-aubusson.fr\/site\/wp-content\/uploads\/2024\/01\/le_mont-1536x1024.jpg 1536w, https:\/\/www.ch-aubusson.fr\/site\/wp-content\/uploads\/2024\/01\/le_mont-2048x1365.jpg 2048w\" sizes=\"auto, (max-width: 2560px) 100vw, 2560px\" \/><div class=\"wp-block-cover__inner-container is-layout-constrained wp-container-core-cover-is-layout-e099a0eb wp-block-cover-is-layout-constrained\">\n<div class=\"wp-block-group is-layout-constrained wp-block-group-is-layout-constrained\">\n<h1 class=\"wp-block-heading has-text-align-center has-background\" style=\"background-color:#ffffff54\">ehpad LE MONT<\/h1>\n<\/div>\n<\/div><\/div>\n<\/div>\n\n\n\n<div class=\"wp-block-column is-layout-flow wp-block-column-is-layout-flow\">\n<div class=\"wp-block-cover alignright priseencharge wp-duotone-unset-2\" style=\"min-height:200px;aspect-ratio:unset;\"><span aria-hidden=\"true\" class=\"wp-block-cover__background has-background-dim\"><\/span><img loading=\"lazy\" decoding=\"async\" width=\"2560\" height=\"1707\" class=\"wp-block-cover__image-background wp-image-59\" alt=\"\" src=\"https:\/\/www.ch-aubusson.fr\/site\/wp-content\/uploads\/2024\/01\/st_jean-scaled.jpg\" data-object-fit=\"cover\" srcset=\"https:\/\/www.ch-aubusson.fr\/site\/wp-content\/uploads\/2024\/01\/st_jean-scaled.jpg 2560w, https:\/\/www.ch-aubusson.fr\/site\/wp-content\/uploads\/2024\/01\/st_jean-300x200.jpg 300w, https:\/\/www.ch-aubusson.fr\/site\/wp-content\/uploads\/2024\/01\/st_jean-1024x683.jpg 1024w, https:\/\/www.ch-aubusson.fr\/site\/wp-content\/uploads\/2024\/01\/st_jean-768x512.jpg 768w, https:\/\/www.ch-aubusson.fr\/site\/wp-content\/uploads\/2024\/01\/st_jean-1536x1024.jpg 1536w, https:\/\/www.ch-aubusson.fr\/site\/wp-content\/uploads\/2024\/01\/st_jean-2048x1365.jpg 2048w\" sizes=\"auto, (max-width: 2560px) 100vw, 2560px\" \/><div class=\"wp-block-cover__inner-container is-layout-constrained wp-container-core-cover-is-layout-e099a0eb wp-block-cover-is-layout-constrained\">\n<div class=\"wp-block-group is-layout-constrained wp-block-group-is-layout-constrained\">\n<h1 class=\"wp-block-heading has-text-align-center has-background\" style=\"background-color:#ffffff54\">ehpad SAINT JEAN<\/h1>\n<\/div>\n<\/div><\/div>\n<\/div>\n\n\n\n<div class=\"wp-block-column is-layout-flow wp-block-column-is-layout-flow\">\n<div class=\"wp-block-cover alignright priseencharge wp-duotone-unset-3\" style=\"min-height:200px;aspect-ratio:unset;\"><span aria-hidden=\"true\" class=\"wp-block-cover__background has-background-dim\"><\/span><img loading=\"lazy\" decoding=\"async\" width=\"2560\" height=\"1920\" class=\"wp-block-cover__image-background wp-image-56\" alt=\"\" src=\"https:\/\/www.ch-aubusson.fr\/site\/wp-content\/uploads\/2024\/01\/le_chabanou-scaled.jpg\" data-object-fit=\"cover\" srcset=\"https:\/\/www.ch-aubusson.fr\/site\/wp-content\/uploads\/2024\/01\/le_chabanou-scaled.jpg 2560w, https:\/\/www.ch-aubusson.fr\/site\/wp-content\/uploads\/2024\/01\/le_chabanou-300x225.jpg 300w, https:\/\/www.ch-aubusson.fr\/site\/wp-content\/uploads\/2024\/01\/le_chabanou-1024x768.jpg 1024w, https:\/\/www.ch-aubusson.fr\/site\/wp-content\/uploads\/2024\/01\/le_chabanou-768x576.jpg 768w, https:\/\/www.ch-aubusson.fr\/site\/wp-content\/uploads\/2024\/01\/le_chabanou-1536x1152.jpg 1536w, https:\/\/www.ch-aubusson.fr\/site\/wp-content\/uploads\/2024\/01\/le_chabanou-2048x1536.jpg 2048w\" sizes=\"auto, (max-width: 2560px) 100vw, 2560px\" \/><div class=\"wp-block-cover__inner-container is-layout-constrained wp-container-core-cover-is-layout-e099a0eb wp-block-cover-is-layout-constrained\">\n<div class=\"wp-block-group is-layout-constrained wp-block-group-is-layout-constrained\">\n<h1 class=\"wp-block-heading has-text-align-center has-background\" style=\"background-color:#ffffff54\">EHPAD LE CHABANOU <\/h1>\n<\/div>\n<\/div><\/div>\n<\/div>\n<\/div>\n\n\n\n<p class=\"has-luminous-vivid-orange-color has-text-color has-link-color wp-elements-ec546cc8a7e4138f6017d2909a7b20a0\"><img loading=\"lazy\" decoding=\"async\" width=\"20\" height=\"20\" class=\"wp-image-1165\" style=\"width: 20px;\" src=\"https:\/\/www.ch-aubusson.fr\/site\/wp-content\/uploads\/2024\/01\/telechargement-ch-e1706177957156.png\" alt=\"\"> <a href=\"https:\/\/www.ch-aubusson.fr\/site\/wp-content\/uploads\/2024\/03\/plaquette_ehpad_le_mont.pdf\" target=\"_blank\" rel=\"noreferrer noopener\">Plaquette EHPAD Le Mont<\/a><\/p>\n\n\n\n<p class=\"has-luminous-vivid-orange-color has-text-color has-link-color wp-elements-e8a8145d314166caff46963a818816fb\"><img loading=\"lazy\" decoding=\"async\" width=\"20\" height=\"20\" class=\"wp-image-1165\" style=\"width: 20px;\" src=\"https:\/\/www.ch-aubusson.fr\/site\/wp-content\/uploads\/2024\/01\/telechargement-ch-e1706177957156.png\" alt=\"\"> <a href=\"https:\/\/www.ch-aubusson.fr\/site\/wp-content\/uploads\/2024\/03\/PlaquetteUVP.pdf\" target=\"_blank\" rel=\"noreferrer noopener\">Plaquette UVP le Mont<\/a><\/p>\n\n\n\n<p class=\"has-luminous-vivid-orange-color has-text-color has-link-color wp-elements-413d01cee3e1d3666c32e00bfa2b98f3\"><img loading=\"lazy\" decoding=\"async\" width=\"20\" height=\"20\" class=\"wp-image-1165\" style=\"width: 20px;\" src=\"https:\/\/www.ch-aubusson.fr\/site\/wp-content\/uploads\/2024\/01\/telechargement-ch-e1706177957156.png\" alt=\"\"> <a href=\"https:\/\/www.ch-aubusson.fr\/site\/wp-content\/uploads\/2024\/03\/plaquette_ehpad_saint_jean.pdf\">Plaquette EHPAD Saint <\/a><a href=\"https:\/\/www.ch-aubusson.fr\/site\/wp-content\/uploads\/2024\/03\/plaquette_ehpad_saint_jean.pdf\" target=\"_blank\" rel=\"noreferrer noopener\">Jean<\/a><\/p>\n\n\n\n<p class=\"has-luminous-vivid-orange-color has-text-color has-link-color wp-elements-aa774fa9782533d5eeb08eec8d0fb980\"><img loading=\"lazy\" decoding=\"async\" width=\"20\" height=\"20\" class=\"wp-image-1165\" style=\"width: 20px;\" src=\"https:\/\/www.ch-aubusson.fr\/site\/wp-content\/uploads\/2024\/01\/telechargement-ch-e1706177957156.png\" alt=\"\"> <a href=\"https:\/\/www.ch-aubusson.fr\/site\/wp-content\/uploads\/2024\/03\/plaquette_ehpad_la_courtine.pdf\" target=\"_blank\" rel=\"noreferrer noopener\">Plaquette EHPAD Le Chabanou<\/a><\/p>\n\n\n\n<p><\/p>\n\n\n\n<p><\/p>\n\n\n\n<div style=\"height:20px\" aria-hidden=\"true\" class=\"wp-block-spacer\"><\/div>\n\n\n\n<div style=\"height:40px\" aria-hidden=\"true\" class=\"wp-block-spacer\"><\/div>\n\n\n\n<h1 class=\"wp-block-heading has-ast-global-color-5-color has-text-color has-background has-link-color wp-elements-23b59cd8322d5d85e36d9d62dd458a47\" style=\"background-color:#243466\">LES FORMALIT\u00c9S D&#8217;ENTR\u00c9E<\/h1>\n\n\n\n<p>La demande d\u2019admission peut \u00eatre formul\u00e9e par le futur r\u00e9sident lui-m\u00eame, un membre de sa famille, un ami, un assistant social ou son m\u00e9decin traitant.<\/p>\n\n\n\n<p>Les demandes d\u2019admissions transmises \u00e0 l\u2019EHPAD&nbsp;sont toutes examin\u00e9es par une commission compos\u00e9e par le m\u00e9decin coordonnateur, le cadre de sant\u00e9 ou d&#8217;une infirmi\u00e8re de coordination (IDEC) et d&#8217;un agent administratif.<\/p>\n\n\n\n<p>La validation finale du dossier d&#8217;admission est r\u00e9alis\u00e9e par le directeur de l&#8217;\u00e9tablissement.<\/p>\n\n\n\n<p>L\u2019inscription \u00e0 l\u2019EHPAD&nbsp;peut se faire sur le site Via trajectoire.<\/p>\n\n\n\n<p>Notre \u00e9tablissement prend en charge des personnes seules ou en couples \u00e2g\u00e9es d\u2019au moins 60 ans. Toutefois, des personnes de moins de 60 ans peuvent \u00e9galement y \u00eatre admises par d\u00e9rogation.<\/p>\n\n\n\n<p>Vous pouvez venir visiter l&#8217;\u00e9tablissement avant de formuler votre demande d&#8217;admission.<\/p>\n\n\n\n<div style=\"height:20px\" aria-hidden=\"true\" class=\"wp-block-spacer\"><\/div>\n\n\n\n<p class=\"has-luminous-vivid-orange-color has-text-color has-link-color wp-elements-eb9e852e889771f042c3b9bdae7a5be6\"><img loading=\"lazy\" decoding=\"async\" width=\"20\" height=\"20\" class=\"wp-image-1165\" style=\"width: 20px;\" src=\"https:\/\/www.ch-aubusson.fr\/site\/wp-content\/uploads\/2024\/01\/telechargement-ch-e1706177957156.png\" alt=\"\"> <a href=\"https:\/\/www.pour-les-personnes-agees.gouv.fr\/assets\/pdf\/cerfa_14732-03.pdf\" target=\"_blank\" rel=\"noreferrer noopener\">Dossier unique d&#8217;admission<\/a><\/p>\n\n\n\n<p>Liste des aides :&nbsp;<a href=\"https:\/\/www.pour-les-personnes-agees.gouv.fr\/vivre-dans-un-ehpad\/aides-financieres-en-ehpad\" target=\"_blank\" rel=\"noreferrer noopener\">https:\/\/www.pour-les-personnes-agees.gouv.fr\/vivre-dans-un-ehpad\/aides-financieres-en-ehpad<\/a><\/p>\n\n\n\n<div class=\"wp-block-buttons is-content-justification-center is-layout-flex wp-container-core-buttons-is-layout-a89b3969 wp-block-buttons-is-layout-flex\"><\/div>\n\n\n\n<div style=\"height:40px\" aria-hidden=\"true\" class=\"wp-block-spacer\"><\/div>\n\n\n\n<h1 class=\"wp-block-heading has-ast-global-color-5-color has-text-color has-background has-link-color wp-elements-47a4ebfa998d7cc9fe5957b6c64f99dd\" style=\"background-color:#243466\">LE CONTRAT DE S\u00e9jour<\/h1>\n\n\n\n<p>Lors de l\u2019admission, il est sign\u00e9 un&nbsp;contrat de s\u00e9jour entre la personne accueillie et l\u2019\u00e9tablissement. <\/p>\n\n\n\n<p>Ce contrat d\u00e9finit la nature de la prise en charge et d\u00e9taille les prestations offertes ainsi que leur co\u00fbt.<\/p>\n\n\n\n<p>\u00c0 noter que le jour de l\u2019entr\u00e9e du r\u00e9sident, peut d\u00e9signer s&#8217;il le souhaite sa personne de confiance. Cette d\u00e9signation se fait par \u00e9crit et le r\u00e9sident est libre de modifier, par \u00e9crit, cette d\u00e9signation au cours de son s\u00e9jour.<\/p>\n\n\n\n<div style=\"height:20px\" aria-hidden=\"true\" class=\"wp-block-spacer\"><\/div>\n\n\n\n<p class=\"has-luminous-vivid-orange-color has-text-color has-link-color wp-elements-202584197a80280a7da74d7cb1fc3b5a\"><img loading=\"lazy\" decoding=\"async\" width=\"20\" height=\"20\" class=\"wp-image-1165\" style=\"width: 20px;\" src=\"https:\/\/www.ch-aubusson.fr\/site\/wp-content\/uploads\/2024\/01\/telechargement-ch-e1706177957156.png\" alt=\"\"> <a href=\"https:\/\/www.ch-aubusson.fr\/site\/wp-content\/uploads\/2024\/03\/brochure_personne_de_confiance.pdf\" target=\"_blank\" rel=\"noreferrer noopener\">Brochure personne de confiance<\/a><\/p>\n\n\n\n<p>Plus d&#8217;informations : <a href=\"https:\/\/www.service-public.fr\/particuliers\/vosdroits\/F32748\" target=\"_blank\" rel=\"noreferrer noopener\">https:\/\/www.service-public.fr\/particuliers\/vosdroits\/F32748<\/a><\/p>\n\n\n\n<div style=\"height:40px\" aria-hidden=\"true\" class=\"wp-block-spacer\"><\/div>\n\n\n\n<h1 class=\"wp-block-heading has-ast-global-color-5-color has-text-color has-background has-link-color wp-elements-0155a3bb916b5f6432cd2b91a425e62c\" style=\"background-color:#243466\">PROJET DE VIE PERSONNALIS\u00c9<\/h1>\n\n\n\n<p>Au cours de votre h\u00e9bergement, l\u2019\u00e9quipe pluridisciplinaire qui vous entoure s\u2019attachera \u00e0 construire avec vous et votre entourage votre<strong> projet de vie personnalis\u00e9<\/strong>.<br><br>Ce projet s\u2019appuie sur les rep\u00e8res que vous aviez avant votre entr\u00e9e en institution et vise \u00e0 conserver les grandes lignes de votre vie \u00e0 domicile. il se construit \u00e9galement<br>\u00e0 partir de l\u2019expression de vos attentes personnelles, de vos souhaits mais aussi \u00e0 partir des connaissances que les professionnels ont de vous.<br><br>Votre projet de vie est une projection dans l\u2019avenir de ce que vous souhaitez. En ce sens, il n\u2019est pas fig\u00e9, il peut \u00eatre amen\u00e9 \u00e0 \u00e9voluer dans le temps et \u00e0 \u00eatre r\u00e9ajust\u00e9 en<br>fonction de vos nouvelles aspirations.<\/p>\n\n\n\n<p>Vous avez le libre choix de votre <strong>m\u00e9decin traitant<\/strong>, qui se rendra \u00e0 l\u2019ehpad, sur demande.<br>Un m\u00e9decin coordonnateur, assure au sein de l\u2019\u00e9tablissement l\u2019\u00e9valuation de l\u2019\u00e9tat de d\u00e9pendance et veille \u00e0 l\u2019application des bonnes pratiques g\u00e9riatriques. il intervient \u00e9galement en cas d\u2019urgence m\u00e9dicale.<\/p>\n\n\n\n<div style=\"height:40px\" aria-hidden=\"true\" class=\"wp-block-spacer\"><\/div>\n\n\n\n<h1 class=\"wp-block-heading has-ast-global-color-5-color has-text-color has-background has-link-color wp-elements-28cda661b751cb4feee5caeb0abc39db\" style=\"background-color:#243466\">LE LIEN AVEC LES FAMILLES<\/h1>\n\n\n\n<p>Le maintien des liens des r\u00e9sidents avec leurs familles est une priorit\u00e9. Toute l\u2019ann\u00e9e, les f\u00eates, les spectacles, les anniversaires pourront \u00eatre c\u00e9l\u00e9br\u00e9s en famille.<\/p>\n\n\n\n<p>Les proches sont aussi invit\u00e9s \u00e0 participer \u00e0 la vie de l\u2019\u00e9tablissement, au travers notamment du&nbsp;<strong>Conseil de la vie sociale<\/strong>.<\/p>\n\n\n\n<p>Il n\u2019y a pas d\u2019heures de visite impos\u00e9es, hors situation sanitaire exceptionnelle. Toutefois, les visiteurs ne doivent pas troubler la s\u00e9r\u00e9nit\u00e9 des lieux ni en g\u00eaner le fonctionnement. <\/p>\n\n\n\n<p>Les familles accompagn\u00e9es de jeunes enfants devront veiller \u00e0 ce qu\u2019ils ne perturbent pas le calme et la s\u00e9r\u00e9nit\u00e9 des autres r\u00e9sidents. Les enfants devront rester sous la surveillance permanente de leurs parents.&nbsp;<\/p>\n\n\n\n<p>\u00c0 noter qu\u2019un&nbsp;<strong>r\u00e9seau de b\u00e9n\u00e9voles<\/strong>&nbsp;participe \u00e9galement r\u00e9guli\u00e8rement au maintien de la vie sociale des r\u00e9sidents.  Leurs coordonn\u00e9es sont fournies en annexe du livret d&#8217;accueil. N\u2019h\u00e9sitez pas \u00e0 faire part de votre demande aupr\u00e8s du cadre de sant\u00e9 ou de l&#8217;infirmi\u00e8re de coordination (IDEC).<\/p>\n\n\n\n<p>Si votre famille est \u00e9loign\u00e9e, vous avez la possibilit\u00e9 de faire une visio <strong>skype<\/strong> avec l&#8217;aide de nos animateurs.<\/p>\n\n\n\n<div style=\"height:40px\" aria-hidden=\"true\" class=\"wp-block-spacer\"><\/div>\n\n\n\n<h1 class=\"wp-block-heading has-ast-global-color-5-color has-text-color has-background has-link-color wp-elements-ce9973597ac25f7e3f779c2d95d13271\" style=\"background-color:#243466\">LES REPAS<\/h1>\n\n\n\n<p>Les repas sont pris en salle \u00e0 manger sauf indication m\u00e9dicale ou restriction sanitaire. Le Centre Hospitalier est engag\u00e9 dans une d\u00e9marche de plaisir, en n&#8217;appliquant pas de r\u00e9gime aux r\u00e9sidents des EHPAD.<\/p>\n\n\n\n<p>Les horaires :<\/p>\n\n\n\n<ul class=\"wp-block-list\">\n<li>le petit-d\u00e9jeuner en chambre \u00e0 partir de 7h<\/li>\n\n\n\n<li>le d\u00e9jeuner \u00e0 12h<\/li>\n\n\n\n<li>le gouter \u00e0 16h<\/li>\n\n\n\n<li>le diner \u00e0 partir de 18h45<\/li>\n<\/ul>\n\n\n\n<p>Invitez vos proches aussi souvent que vous le souhaitez, la salle \u00e0 manger des familles est r\u00e9serv\u00e9e \u00e0 cet effet (pr\u00e9venir le service au minimum 48 heures \u00e0 l\u2019avance).<\/p>\n\n\n\n<div style=\"height:100px\" aria-hidden=\"true\" class=\"wp-block-spacer\"><\/div>\n\n\n\n<div class=\"wp-block-columns alignfull has-ast-global-color-4-background-color has-background is-layout-flex wp-container-core-columns-is-layout-28f84493 wp-block-columns-is-layout-flex\">\n<div class=\"wp-block-column has-ast-global-color-5-background-color has-background is-layout-flow wp-block-column-is-layout-flow\">\n<p class=\"has-ast-global-color-8-color has-ast-global-color-5-background-color has-text-color has-background has-link-color wp-elements-5b10eebef85577d1c63a375822be4d72\"><img decoding=\"async\" class=\"wp-image-4303\" style=\"width: 400px;\" src=\"https:\/\/www.ch-aubusson.fr\/site\/wp-content\/uploads\/2024\/03\/08072015-DSC_6689-scaled.jpg\" alt=\"\"><br><br><strong>Votre Chambre<\/strong><br>___________________________<br><br>Les chambres sont \u00e9quip\u00e9es d\u2019un mobilier adapt\u00e9. Pour recr\u00e9er un univers familier les r\u00e9sidents ont la possibilit\u00e9 d\u2019apporter des petits meubles et objets de d\u00e9coration. Rapprochez vous de votre cadre de sant\u00e9 ou IDEC pour conna\u00eetre les objets autoris\u00e9s. Un t\u00e9l\u00e9phone est \u00e0 disposition. Votre propre t\u00e9l\u00e9vision peut-\u00eatre install\u00e9e par nos agents techniques.<br><\/p>\n<\/div>\n\n\n\n<div class=\"wp-block-column has-ast-global-color-8-color has-ast-global-color-5-background-color has-text-color has-background has-link-color wp-elements-baa606d44e131ed8514bdb2d0d0623cb is-layout-flow wp-block-column-is-layout-flow\">\n<p class=\"has-ast-global-color-8-color has-ast-global-color-5-background-color has-text-color has-background has-link-color wp-elements-35c100b36b3b24d2c91e23f45c757259\"><img loading=\"lazy\" decoding=\"async\" width=\"400\" height=\"267\" class=\"wp-image-4215\" style=\"width: 400px;\" src=\"https:\/\/www.ch-aubusson.fr\/site\/wp-content\/uploads\/2024\/03\/hand-3666974_1280.jpg\" alt=\"\" srcset=\"https:\/\/www.ch-aubusson.fr\/site\/wp-content\/uploads\/2024\/03\/hand-3666974_1280.jpg 1280w, https:\/\/www.ch-aubusson.fr\/site\/wp-content\/uploads\/2024\/03\/hand-3666974_1280-300x200.jpg 300w, https:\/\/www.ch-aubusson.fr\/site\/wp-content\/uploads\/2024\/03\/hand-3666974_1280-1024x682.jpg 1024w, https:\/\/www.ch-aubusson.fr\/site\/wp-content\/uploads\/2024\/03\/hand-3666974_1280-768x512.jpg 768w\" sizes=\"auto, (max-width: 400px) 100vw, 400px\" \/><br><br><strong>Les soins <\/strong><br>___________________________<br><br>L\u2019\u00e9thique, la bientraitance sont des valeurs guidant nos \u00e9quipes dans chaque moment de la vie quotidienne du r\u00e9sident. Soucieux d\u2019un accueil personnalis\u00e9 \u00e0 l\u2019EHPAD nous nous effor\u00e7ons d\u2019apporter les meilleurs soins aux r\u00e9sidents avec une prise en charge m\u00e9dicale et param\u00e9dicale.<\/p>\n<\/div>\n\n\n\n<div class=\"wp-block-column has-ast-global-color-8-color has-ast-global-color-5-background-color has-text-color has-background has-link-color wp-elements-3e07dff82409a2834a7c589a647e0a11 is-layout-flow wp-block-column-is-layout-flow\">\n<p class=\"has-ast-global-color-8-color has-ast-global-color-5-background-color has-text-color has-background has-link-color wp-elements-6d061d44c3356d73b5816e10701bc807\"><img loading=\"lazy\" decoding=\"async\" width=\"400\" height=\"267\" class=\"wp-image-4305\" style=\"width: 400px;\" src=\"https:\/\/www.ch-aubusson.fr\/site\/wp-content\/uploads\/2024\/03\/ES4A0432-scaled.jpg\" alt=\"\" srcset=\"https:\/\/www.ch-aubusson.fr\/site\/wp-content\/uploads\/2024\/03\/ES4A0432-scaled.jpg 2560w, https:\/\/www.ch-aubusson.fr\/site\/wp-content\/uploads\/2024\/03\/ES4A0432-300x200.jpg 300w, https:\/\/www.ch-aubusson.fr\/site\/wp-content\/uploads\/2024\/03\/ES4A0432-1024x683.jpg 1024w, https:\/\/www.ch-aubusson.fr\/site\/wp-content\/uploads\/2024\/03\/ES4A0432-768x512.jpg 768w, https:\/\/www.ch-aubusson.fr\/site\/wp-content\/uploads\/2024\/03\/ES4A0432-1536x1024.jpg 1536w, https:\/\/www.ch-aubusson.fr\/site\/wp-content\/uploads\/2024\/03\/ES4A0432-2048x1365.jpg 2048w\" sizes=\"auto, (max-width: 400px) 100vw, 400px\" \/><br><br><strong>La restauration <\/strong><br>___________________________<br><br>Une di\u00e9t\u00e9ticienne \u00e9value et suit les besoins alimentaires des r\u00e9sidents.<br>Le centre hospitalier porte le projet Maison Gourmande et responsable, et propose un menu local tous les premiers mercredis du mois <em>( sauf \u00e9tablissement du Chabanou).<\/em><\/p>\n<\/div>\n\n\n\n<div class=\"wp-block-column has-ast-global-color-5-background-color has-background is-layout-flow wp-block-column-is-layout-flow\">\n<p class=\"has-ast-global-color-8-color has-ast-global-color-5-background-color has-text-color has-background has-link-color wp-elements-2a26a787376380163694280aeda7483c\"><img loading=\"lazy\" decoding=\"async\" width=\"400\" height=\"267\" class=\"wp-image-4312\" style=\"width: 400px;\" src=\"https:\/\/www.ch-aubusson.fr\/site\/wp-content\/uploads\/2024\/03\/salon_coifure-e1710418497654.jpg\" alt=\"\" srcset=\"https:\/\/www.ch-aubusson.fr\/site\/wp-content\/uploads\/2024\/03\/salon_coifure-e1710418497654.jpg 1028w, https:\/\/www.ch-aubusson.fr\/site\/wp-content\/uploads\/2024\/03\/salon_coifure-e1710418497654-300x200.jpg 300w, https:\/\/www.ch-aubusson.fr\/site\/wp-content\/uploads\/2024\/03\/salon_coifure-e1710418497654-1024x683.jpg 1024w, https:\/\/www.ch-aubusson.fr\/site\/wp-content\/uploads\/2024\/03\/salon_coifure-e1710418497654-768x512.jpg 768w\" sizes=\"auto, (max-width: 400px) 100vw, 400px\" \/><br><br><strong>Salon de coiffure<\/strong><br>___________________________<br><br>Un salon de coiffure est pr\u00e9sent dans chaque \u00e9tablissement. <br>Vous avez la possibilit\u00e9 d\u2019avoir un rendez-vous en vous rendant \u00e0 l\u2019accueil.<br>Cette prestation est \u00e0 votre charge.<\/p>\n<\/div>\n<\/div>\n\n\n\n<div class=\"wp-block-columns alignfull has-ast-global-color-4-background-color has-background is-layout-flex wp-container-core-columns-is-layout-28f84493 wp-block-columns-is-layout-flex\">\n<div class=\"wp-block-column has-ast-global-color-5-background-color has-background is-layout-flow wp-block-column-is-layout-flow\">\n<p class=\"has-ast-global-color-8-color has-ast-global-color-5-background-color has-text-color has-background has-link-color wp-elements-f129ab4e2875573ba5d9b61e2b5040bc\"><img loading=\"lazy\" decoding=\"async\" width=\"400\" height=\"267\" class=\"wp-image-4405\" style=\"width: 400px;\" src=\"https:\/\/www.ch-aubusson.fr\/site\/wp-content\/uploads\/2024\/03\/washing-machine-2668472_1280.jpg\" alt=\"\" srcset=\"https:\/\/www.ch-aubusson.fr\/site\/wp-content\/uploads\/2024\/03\/washing-machine-2668472_1280.jpg 1280w, https:\/\/www.ch-aubusson.fr\/site\/wp-content\/uploads\/2024\/03\/washing-machine-2668472_1280-300x200.jpg 300w, https:\/\/www.ch-aubusson.fr\/site\/wp-content\/uploads\/2024\/03\/washing-machine-2668472_1280-1024x682.jpg 1024w, https:\/\/www.ch-aubusson.fr\/site\/wp-content\/uploads\/2024\/03\/washing-machine-2668472_1280-768x512.jpg 768w\" sizes=\"auto, (max-width: 400px) 100vw, 400px\" \/><br><br><strong>Votre linge<\/strong><br>___________________________<br><br>Un trousseau indicatif vous est sugg\u00e9r\u00e9 dans le contrat de s\u00e9jour.<br>Il est indispensable d\u2019identifier votre linge personnel \u00e0 vos nom et pr\u00e9nom.<br>Votre linge, ainsi marqu\u00e9, peut \u00eatre entretenu gratuitement par l\u2019\u00e9tablissement. Plaquette linge.<\/p>\n<\/div>\n\n\n\n<div class=\"wp-block-column has-ast-global-color-8-color has-ast-global-color-5-background-color has-text-color has-background has-link-color wp-elements-f0335f6c4d54d5764cd5f045a15c257c is-layout-flow wp-block-column-is-layout-flow\">\n<p class=\"has-ast-global-color-8-color has-ast-global-color-5-background-color has-text-color has-background has-link-color wp-elements-be3619a1078ee4347db7ebb0baf2abc9\"><img decoding=\"async\" class=\"wp-image-4406\" style=\"width: 400px;\" src=\"https:\/\/www.ch-aubusson.fr\/site\/wp-content\/uploads\/2024\/03\/mail-1707817_1280-e1710419643378.jpg\" alt=\"\"><img loading=\"lazy\" decoding=\"async\" width=\"400\" height=\"272\" class=\"wp-image-4565\" style=\"width: 400px;\" src=\"https:\/\/www.ch-aubusson.fr\/site\/wp-content\/uploads\/2024\/03\/courrier-e1711007454710.jpg\" alt=\"\" srcset=\"https:\/\/www.ch-aubusson.fr\/site\/wp-content\/uploads\/2024\/03\/courrier-e1711007454710.jpg 541w, https:\/\/www.ch-aubusson.fr\/site\/wp-content\/uploads\/2024\/03\/courrier-e1711007454710-300x204.jpg 300w\" sizes=\"auto, (max-width: 400px) 100vw, 400px\" \/><br><br><strong>Votre courrier <\/strong><br>___________________________<br><br>Votre courrier et vos colis sont distribu\u00e9s chaque jour. Vous pouvez faire partir votre courrier affranchi \u00e0 l\u2019accueil ou le remettre au personnel du service qui en assurera le d\u00e9part.<\/p>\n<\/div>\n\n\n\n<div class=\"wp-block-column has-ast-global-color-8-color has-ast-global-color-5-background-color has-text-color has-background has-link-color wp-elements-7adfac2d8c4716cfd521048d99ad72ad is-layout-flow wp-block-column-is-layout-flow\">\n<p class=\"has-ast-global-color-8-color has-ast-global-color-5-background-color has-text-color has-background has-link-color wp-elements-04cfec34d0d9c67b970e9dc2a876ea49\"><img loading=\"lazy\" decoding=\"async\" width=\"400\" height=\"267\" class=\"wp-image-4414\" style=\"width: 400px;\" src=\"https:\/\/www.ch-aubusson.fr\/site\/wp-content\/uploads\/2024\/03\/election-4114327_1280.jpg\" alt=\"\" srcset=\"https:\/\/www.ch-aubusson.fr\/site\/wp-content\/uploads\/2024\/03\/election-4114327_1280.jpg 1280w, https:\/\/www.ch-aubusson.fr\/site\/wp-content\/uploads\/2024\/03\/election-4114327_1280-300x200.jpg 300w, https:\/\/www.ch-aubusson.fr\/site\/wp-content\/uploads\/2024\/03\/election-4114327_1280-1024x682.jpg 1024w, https:\/\/www.ch-aubusson.fr\/site\/wp-content\/uploads\/2024\/03\/election-4114327_1280-768x512.jpg 768w\" sizes=\"auto, (max-width: 400px) 100vw, 400px\" \/><br><br><strong>Droit de vote<\/strong><br>___________________________<br><br>Le r\u00e9sident a le choix de voter dans sa commune d&#8217;origine ou de s&#8217;inscrire sur la liste \u00e9lectorale de la commune de l&#8217;EHPAD. Pour les r\u00e9sidents votant dans leur commune, l&#8217;\u00e9tablissement organise des demandes de procuration.<\/p>\n<\/div>\n\n\n\n<div class=\"wp-block-column has-ast-global-color-5-background-color has-background is-layout-flow wp-block-column-is-layout-flow\">\n<p class=\"has-ast-global-color-8-color has-ast-global-color-5-background-color has-text-color has-background has-link-color wp-elements-1db95046801aad09519a0ff3c0dc6674\"><img loading=\"lazy\" decoding=\"async\" width=\"400\" height=\"267\" class=\"wp-image-4407\" style=\"width: 400px;\" src=\"https:\/\/www.ch-aubusson.fr\/site\/wp-content\/uploads\/2024\/03\/prayer-1308663_1280.jpg\" alt=\"\" srcset=\"https:\/\/www.ch-aubusson.fr\/site\/wp-content\/uploads\/2024\/03\/prayer-1308663_1280.jpg 1280w, https:\/\/www.ch-aubusson.fr\/site\/wp-content\/uploads\/2024\/03\/prayer-1308663_1280-300x200.jpg 300w, https:\/\/www.ch-aubusson.fr\/site\/wp-content\/uploads\/2024\/03\/prayer-1308663_1280-1024x682.jpg 1024w, https:\/\/www.ch-aubusson.fr\/site\/wp-content\/uploads\/2024\/03\/prayer-1308663_1280-768x512.jpg 768w\" sizes=\"auto, (max-width: 400px) 100vw, 400px\" \/><br><br><strong>Culte<\/strong><br>___________________________<br><br>Dans le respect des convictions religieuses et philosophiques de chacun, sur votre demande, les repr\u00e9sentants des diff\u00e9rents cultes peuvent vous rendre visite<\/p>\n<\/div>\n<\/div>\n\n\n\n<div style=\"height:39px\" aria-hidden=\"true\" class=\"wp-block-spacer\"><\/div>\n\n\n\n<p>Un groupe de travail d&#8217;am\u00e9lioration des pratique professionnelles a \u00e9t\u00e9 cr\u00e9\u00e9. Il a pour objet d&#8217;entretenir une r\u00e9flexion&nbsp;<strong>\u00e9thique&nbsp;<\/strong>sur les activit\u00e9s de l&#8217;\u00e9tablissement et les droits des patients. Il est en lien avec le comit\u00e9 d&#8217;\u00e9thique d\u00e9partemental.<\/p>\n\n\n\n<p>La&nbsp;bientraitance&nbsp;se traduit par un accueil et un accompagnement respectueux et attentifs \u00e0 l&#8217;\u00e9gard du r\u00e9sident.<\/p>\n\n\n\n<p>Nos engagements :  la charte de bientraitance au centre hospitalier d&#8217;Aubusson : <\/p>\n\n\n\n<p class=\"has-text-align-center\"><img loading=\"lazy\" decoding=\"async\" width=\"800\" height=\"1126\" class=\"wp-image-4411\" style=\"width: 800px;\" src=\"https:\/\/www.ch-aubusson.fr\/site\/wp-content\/uploads\/2024\/03\/charte_bienveillance.png\" alt=\"\" srcset=\"https:\/\/www.ch-aubusson.fr\/site\/wp-content\/uploads\/2024\/03\/charte_bienveillance.png 675w, https:\/\/www.ch-aubusson.fr\/site\/wp-content\/uploads\/2024\/03\/charte_bienveillance-213x300.png 213w\" sizes=\"auto, (max-width: 800px) 100vw, 800px\" \/><\/p>\n\n\n\n<div style=\"height:100px\" aria-hidden=\"true\" class=\"wp-block-spacer\"><\/div>\n","protected":false},"excerpt":{"rendered":"<p>vie en ephad Nous mettons tout en \u0153uvre pour favoriser votre installation dans un lieu o\u00f9 il vous sera agr\u00e9able [&hellip;]<\/p>\n","protected":false},"author":3,"featured_media":0,"parent":0,"menu_order":0,"comment_status":"closed","ping_status":"closed","template":"","meta":{"site-sidebar-layout":"default","site-content-layout":"","ast-site-content-layout":"","site-content-style":"default","site-sidebar-style":"default","ast-global-header-display":"","ast-banner-title-visibility":"","ast-main-header-display":"","ast-hfb-above-header-display":"","ast-hfb-below-header-display":"","ast-hfb-mobile-header-display":"","site-post-title":"disabled","ast-breadcrumbs-content":"","ast-featured-img":"","footer-sml-layout":"","theme-transparent-header-meta":"","adv-header-id-meta":"","stick-header-meta":"","header-above-stick-meta":"","header-main-stick-meta":"","header-below-stick-meta":"","astra-migrate-meta-layouts":"default","ast-page-background-enabled":"default","ast-page-background-meta":{"desktop":{"background-color":"var(--ast-global-color-4)","background-image":"","background-repeat":"repeat","background-position":"center center","background-size":"auto","background-attachment":"scroll","background-type":"","background-media":"","overlay-type":"","overlay-color":"","overlay-opacity":"","overlay-gradient":""},"tablet":{"background-color":"","background-image":"","background-repeat":"repeat","background-position":"center center","background-size":"auto","background-attachment":"scroll","background-type":"","background-media":"","overlay-type":"","overlay-color":"","overlay-opacity":"","overlay-gradient":""},"mobile":{"background-color":"","background-image":"","background-repeat":"repeat","background-position":"center center","background-size":"auto","background-attachment":"scroll","background-type":"","background-media":"","overlay-type":"","overlay-color":"","overlay-opacity":"","overlay-gradient":""}},"ast-content-background-meta":{"desktop":{"background-color":"var(--ast-global-color-5)","background-image":"","background-repeat":"repeat","background-position":"center center","background-size":"auto","background-attachment":"scroll","background-type":"","background-media":"","overlay-type":"","overlay-color":"","overlay-opacity":"","overlay-gradient":""},"tablet":{"background-color":"var(--ast-global-color-5)","background-image":"","background-repeat":"repeat","background-position":"center center","background-size":"auto","background-attachment":"scroll","background-type":"","background-media":"","overlay-type":"","overlay-color":"","overlay-opacity":"","overlay-gradient":""},"mobile":{"background-color":"var(--ast-global-color-5)","background-image":"","background-repeat":"repeat","background-position":"center center","background-size":"auto","background-attachment":"scroll","background-type":"","background-media":"","overlay-type":"","overlay-color":"","overlay-opacity":"","overlay-gradient":""}},"footnotes":""},"class_list":["post-2609","page","type-page","status-publish","hentry"],"yoast_head":"<!-- This site is optimized with the Yoast SEO plugin v25.5 - https:\/\/yoast.com\/wordpress\/plugins\/seo\/ -->\n<title>Vie en EHPAD -<\/title>\n<meta name=\"robots\" content=\"index, follow, max-snippet:-1, max-image-preview:large, max-video-preview:-1\" \/>\n<link rel=\"canonical\" href=\"https:\/\/www.ch-aubusson.fr\/site\/vie-en-ehpad\/\" \/>\n<meta property=\"og:locale\" content=\"fr_FR\" \/>\n<meta property=\"og:type\" content=\"article\" \/>\n<meta property=\"og:title\" content=\"Vie en EHPAD -\" \/>\n<meta property=\"og:description\" content=\"vie en ephad Nous mettons tout en \u0153uvre pour favoriser votre installation dans un lieu o\u00f9 il vous sera agr\u00e9able [&hellip;]\" \/>\n<meta property=\"og:url\" content=\"https:\/\/www.ch-aubusson.fr\/site\/vie-en-ehpad\/\" \/>\n<meta property=\"article:publisher\" content=\"https:\/\/www.facebook.com\/people\/Centre-Hospitalier-dAubusson\/100064042814456\/\" \/>\n<meta property=\"article:modified_time\" content=\"2024-04-15T10:03:16+00:00\" \/>\n<meta property=\"og:image\" content=\"http:\/\/www.ch-aubusson.fr\/site\/wp-content\/uploads\/2024\/01\/le_mont-scaled.jpg\" \/>\n<meta name=\"twitter:card\" content=\"summary_large_image\" \/>\n<meta name=\"twitter:label1\" content=\"Dur\u00e9e de lecture estim\u00e9e\" \/>\n\t<meta name=\"twitter:data1\" content=\"6 minutes\" \/>\n<!-- \/ Yoast SEO plugin. -->","yoast_head_json":{"title":"Vie en EHPAD -","robots":{"index":"index","follow":"follow","max-snippet":"max-snippet:-1","max-image-preview":"max-image-preview:large","max-video-preview":"max-video-preview:-1"},"canonical":"https:\/\/www.ch-aubusson.fr\/site\/vie-en-ehpad\/","og_locale":"fr_FR","og_type":"article","og_title":"Vie en EHPAD -","og_description":"vie en ephad Nous mettons tout en \u0153uvre pour favoriser votre installation dans un lieu o\u00f9 il vous sera agr\u00e9able [&hellip;]","og_url":"https:\/\/www.ch-aubusson.fr\/site\/vie-en-ehpad\/","article_publisher":"https:\/\/www.facebook.com\/people\/Centre-Hospitalier-dAubusson\/100064042814456\/","article_modified_time":"2024-04-15T10:03:16+00:00","og_image":[{"url":"http:\/\/www.ch-aubusson.fr\/site\/wp-content\/uploads\/2024\/01\/le_mont-scaled.jpg","type":"","width":"","height":""}],"twitter_card":"summary_large_image","twitter_misc":{"Dur\u00e9e de lecture estim\u00e9e":"6 minutes"},"schema":{"@context":"https:\/\/schema.org","@graph":[{"@type":"WebPage","@id":"https:\/\/www.ch-aubusson.fr\/site\/vie-en-ehpad\/","url":"https:\/\/www.ch-aubusson.fr\/site\/vie-en-ehpad\/","name":"Vie en EHPAD -","isPartOf":{"@id":"https:\/\/www.ch-aubusson.fr\/site\/#website"},"primaryImageOfPage":{"@id":"https:\/\/www.ch-aubusson.fr\/site\/vie-en-ehpad\/#primaryimage"},"image":{"@id":"https:\/\/www.ch-aubusson.fr\/site\/vie-en-ehpad\/#primaryimage"},"thumbnailUrl":"http:\/\/www.ch-aubusson.fr\/site\/wp-content\/uploads\/2024\/01\/le_mont-scaled.jpg","datePublished":"2024-02-19T08:48:08+00:00","dateModified":"2024-04-15T10:03:16+00:00","breadcrumb":{"@id":"https:\/\/www.ch-aubusson.fr\/site\/vie-en-ehpad\/#breadcrumb"},"inLanguage":"fr-FR","potentialAction":[{"@type":"ReadAction","target":["https:\/\/www.ch-aubusson.fr\/site\/vie-en-ehpad\/"]}]},{"@type":"ImageObject","inLanguage":"fr-FR","@id":"https:\/\/www.ch-aubusson.fr\/site\/vie-en-ehpad\/#primaryimage","url":"https:\/\/www.ch-aubusson.fr\/site\/wp-content\/uploads\/2024\/01\/le_mont-scaled.jpg","contentUrl":"https:\/\/www.ch-aubusson.fr\/site\/wp-content\/uploads\/2024\/01\/le_mont-scaled.jpg","width":2560,"height":1707},{"@type":"BreadcrumbList","@id":"https:\/\/www.ch-aubusson.fr\/site\/vie-en-ehpad\/#breadcrumb","itemListElement":[{"@type":"ListItem","position":1,"name":"Accueil","item":"https:\/\/www.ch-aubusson.fr\/site\/"},{"@type":"ListItem","position":2,"name":"Vie en EHPAD"}]},{"@type":"WebSite","@id":"https:\/\/www.ch-aubusson.fr\/site\/#website","url":"https:\/\/www.ch-aubusson.fr\/site\/","name":"Centre Hospitalier d'Aubusson","description":"","publisher":{"@id":"https:\/\/www.ch-aubusson.fr\/site\/#organization"},"potentialAction":[{"@type":"SearchAction","target":{"@type":"EntryPoint","urlTemplate":"https:\/\/www.ch-aubusson.fr\/site\/?s={search_term_string}"},"query-input":{"@type":"PropertyValueSpecification","valueRequired":true,"valueName":"search_term_string"}}],"inLanguage":"fr-FR"},{"@type":"Organization","@id":"https:\/\/www.ch-aubusson.fr\/site\/#organization","name":"Centre Hospitalier d'Aubusson","url":"https:\/\/www.ch-aubusson.fr\/site\/","logo":{"@type":"ImageObject","inLanguage":"fr-FR","@id":"https:\/\/www.ch-aubusson.fr\/site\/#\/schema\/logo\/image\/","url":"https:\/\/www.ch-aubusson.fr\/site\/wp-content\/uploads\/2024\/01\/cropped-LogoCentreHospitalier_Vertical_3Tonos-2.png","contentUrl":"https:\/\/www.ch-aubusson.fr\/site\/wp-content\/uploads\/2024\/01\/cropped-LogoCentreHospitalier_Vertical_3Tonos-2.png","width":800,"height":654,"caption":"Centre Hospitalier d'Aubusson"},"image":{"@id":"https:\/\/www.ch-aubusson.fr\/site\/#\/schema\/logo\/image\/"},"sameAs":["https:\/\/www.facebook.com\/people\/Centre-Hospitalier-dAubusson\/100064042814456\/","https:\/\/www.linkedin.com\/company\/ch-aubusson"]}]}},"_links":{"self":[{"href":"https:\/\/www.ch-aubusson.fr\/site\/wp-json\/wp\/v2\/pages\/2609","targetHints":{"allow":["GET"]}}],"collection":[{"href":"https:\/\/www.ch-aubusson.fr\/site\/wp-json\/wp\/v2\/pages"}],"about":[{"href":"https:\/\/www.ch-aubusson.fr\/site\/wp-json\/wp\/v2\/types\/page"}],"author":[{"embeddable":true,"href":"https:\/\/www.ch-aubusson.fr\/site\/wp-json\/wp\/v2\/users\/3"}],"replies":[{"embeddable":true,"href":"https:\/\/www.ch-aubusson.fr\/site\/wp-json\/wp\/v2\/comments?post=2609"}],"version-history":[{"count":105,"href":"https:\/\/www.ch-aubusson.fr\/site\/wp-json\/wp\/v2\/pages\/2609\/revisions"}],"predecessor-version":[{"id":5150,"href":"https:\/\/www.ch-aubusson.fr\/site\/wp-json\/wp\/v2\/pages\/2609\/revisions\/5150"}],"wp:attachment":[{"href":"https:\/\/www.ch-aubusson.fr\/site\/wp-json\/wp\/v2\/media?parent=2609"}],"curies":[{"name":"wp","href":"https:\/\/api.w.org\/{rel}","templated":true}]}}