{"id":3991,"date":"2024-03-07T09:22:03","date_gmt":"2024-03-07T08:22:03","guid":{"rendered":"http:\/\/www.ch-aubusson.fr\/site\/?page_id=3991"},"modified":"2024-03-07T09:22:26","modified_gmt":"2024-03-07T08:22:26","slug":"faq","status":"publish","type":"page","link":"https:\/\/www.ch-aubusson.fr\/site\/faq\/","title":{"rendered":"FAQ"},"content":{"rendered":"\n<div style=\"height:100px\" aria-hidden=\"true\" class=\"wp-block-spacer\"><\/div>\n\n\n\n<h2 class=\"wp-block-heading\">Vos questions les plus fr\u00e9quentes<\/h2>\n\n\n\n<div style=\"height:40px\" aria-hidden=\"true\" class=\"wp-block-spacer\"><\/div>\n\n\n<div id=\"accordions-3989\" class=\"accordions-3989 accordions\" data-accordions={&quot;lazyLoad&quot;:true,&quot;id&quot;:&quot;3989&quot;,&quot;event&quot;:&quot;click&quot;,&quot;collapsible&quot;:&quot;true&quot;,&quot;heightStyle&quot;:&quot;content&quot;,&quot;animateStyle&quot;:&quot;swing&quot;,&quot;animateDelay&quot;:1000,&quot;navigation&quot;:true,&quot;active&quot;:999,&quot;expandedOther&quot;:&quot;no&quot;}>\r\n                <div id=\"accordions-lazy-3989\" class=\"accordions-lazy\" accordionsId=\"3989\">\r\n                    <\/div>\r\n\r\n    <div class=\"items\"  style=\"display:none\" >\r\n    \r\n            <div post_id=\"3989\" itemcount=\"0\"  header_id=\"header-1710853676380\" id=\"header-1710853676380\" style=\"\" class=\"accordions-head head1710853676380 border-none\" toggle-text=\"\" main-text=\"Pendant combien de temps les dossiers m\u00e9dicaux sont-ils conserv\u00e9s ?\">\r\n                                    <span id=\"header-text-1710853676380\" class=\"accordions-head-title\">Pendant combien de temps les dossiers m\u00e9dicaux sont-ils conserv\u00e9s ?<\/span>\r\n                    <span id=\"accordion-icons-1710853676380\" class=\"accordion-icons\">\r\n                        <span class=\"accordion-icon-active accordion-plus\"><i class=\"fa-solid fa-circle-down\"><\/i><\/span>\r\n                        <span class=\"accordion-icon-inactive accordion-minus\"><i class=\"fa-solid fa-circle-down\"><\/i><\/span>\r\n                    <\/span>\r\n                            <\/div>\r\n            <div class=\"accordion-content content1710853676380 \">\r\n                <p>Selon la r\u00e9glementation, le dossier m\u00e9dical du patient est conserv\u00e9\u00a0pendant 20 ans apr\u00e8s le dernier s\u00e9jour \u00e0 l\u2019h\u00f4pital.<\/p>\n<p>Si le patient est d\u00e9c\u00e9d\u00e9, la dur\u00e9e de conservation du dossier est de 10 ans seulement \u00e0 compter de la date de d\u00e9c\u00e8s.<\/p>\n<p>Au-del\u00e0 de ces d\u00e9lais r\u00e9glementaires, le Centre Hospitalier\u00a0 n\u2019est pas dans l\u2019obligation de conserver les dossiers, nous ne pouvons donc vous garantir que le dossier demand\u00e9 pourra \u00eatre fourni.<\/p>\n            <\/div>\r\n    \r\n            <div post_id=\"3989\" itemcount=\"1\"  header_id=\"header-17098048120\" id=\"header-17098048120\" style=\"\" class=\"accordions-head head17098048120 border-none\" toggle-text=\"\" main-text=\"Suis-je libre de d\u00e9corer ma chambre avec mes effets personnels ?\">\r\n                                    <span id=\"header-text-17098048120\" class=\"accordions-head-title\">Suis-je libre de d\u00e9corer ma chambre avec mes effets personnels ?<\/span>\r\n                    <span id=\"accordion-icons-17098048120\" class=\"accordion-icons\">\r\n                        <span class=\"accordion-icon-active accordion-plus\"><i class=\"fa-solid fa-circle-down\"><\/i><\/span>\r\n                        <span class=\"accordion-icon-inactive accordion-minus\"><i class=\"fa-solid fa-circle-down\"><\/i><\/span>\r\n                    <\/span>\r\n                            <\/div>\r\n            <div class=\"accordion-content content17098048120 \">\r\n                <p>Le mobilier et la d\u00e9coration peuvent \u00eatre accept\u00e9s sous couvert d\u2019une autorisation de la direction. Les chambres sont \u00e9quip\u00e9es de mobiliers agr\u00e9\u00e9s aux normes de s\u00e9curit\u00e9 applicables \u00e0 notre \u00e9tablissement. Les r\u00e9sidents peuvent personnaliser le lieu de vie en apportant du petit mobilier compatible aux exigences de s\u00e9curit\u00e9 (autorisation pr\u00e9alable des services techniques). La d\u00e9coration des chambres est tol\u00e9r\u00e9e sous r\u00e9serve de ne pas d\u00e9t\u00e9riorer les murs et de respecter les usagers en mati\u00e8re de cohabitation (chambres \u00e0 lits multiples).<\/p>\n            <\/div>\r\n    \r\n            <div post_id=\"3989\" itemcount=\"2\"  header_id=\"header-17098048121\" id=\"header-17098048121\" style=\"\" class=\"accordions-head head17098048121 border-none\" toggle-text=\"\" main-text=\"Je souhaite contacter un repr\u00e9sentant des usagers\">\r\n                                    <span id=\"header-text-17098048121\" class=\"accordions-head-title\">Je souhaite contacter un repr\u00e9sentant des usagers<\/span>\r\n                    <span id=\"accordion-icons-17098048121\" class=\"accordion-icons\">\r\n                        <span class=\"accordion-icon-active accordion-plus\"><i class=\"fa-solid fa-circle-down\"><\/i><\/span>\r\n                        <span class=\"accordion-icon-inactive accordion-minus\"><i class=\"fa-solid fa-circle-down\"><\/i><\/span>\r\n                    <\/span>\r\n                            <\/div>\r\n            <div class=\"accordion-content content17098048121 \">\r\n                <p>Vous pouvez contacter directement un repr\u00e9sentant des usagers par mail (<a href=\"mailto:usagers@ch-bourg01.fr\" target=\"_blank\" rel=\"noopener\">secdirection@ch-aubusson.fr<\/a>) ou par courrier \u00e0 l\u2019intention du secr\u00e9tariat de direction. Les repr\u00e9sentants assurent une permanence hebdomadaire.<\/p>\n            <\/div>\r\n    \r\n            <div post_id=\"3989\" itemcount=\"3\"  header_id=\"header-17098048122\" id=\"header-17098048122\" style=\"\" class=\"accordions-head head17098048122 border-none\" toggle-text=\"\" main-text=\"Je souhaiterai faire un don d\u2019organes et de tissus\">\r\n                                    <span id=\"header-text-17098048122\" class=\"accordions-head-title\">Je souhaiterai faire un don d\u2019organes et de tissus<\/span>\r\n                    <span id=\"accordion-icons-17098048122\" class=\"accordion-icons\">\r\n                        <span class=\"accordion-icon-active accordion-plus\"><i class=\"fa-solid fa-circle-down\"><\/i><\/span>\r\n                        <span class=\"accordion-icon-inactive accordion-minus\"><i class=\"fa-solid fa-circle-down\"><\/i><\/span>\r\n                    <\/span>\r\n                            <\/div>\r\n            <div class=\"accordion-content content17098048122 \">\r\n                <p>Consultez la page sur le\u00a0<a href=\"http:\/\/www.dondorganes.fr\" target=\"_blank\" rel=\"noopener\">Don d\u2019organes et de tissus<\/a>.<\/p>\n            <\/div>\r\n    \r\n            <div post_id=\"3989\" itemcount=\"4\"  header_id=\"header-17098048123\" id=\"header-17098048123\" style=\"\" class=\"accordions-head head17098048123 border-none\" toggle-text=\"\" main-text=\"Je souhaite r\u00e9diger mes directives anticip\u00e9es\">\r\n                                    <span id=\"header-text-17098048123\" class=\"accordions-head-title\">Je souhaite r\u00e9diger mes directives anticip\u00e9es<\/span>\r\n                    <span id=\"accordion-icons-17098048123\" class=\"accordion-icons\">\r\n                        <span class=\"accordion-icon-active accordion-plus\"><i class=\"fa-solid fa-circle-down\"><\/i><\/span>\r\n                        <span class=\"accordion-icon-inactive accordion-minus\"><i class=\"fa-solid fa-circle-down\"><\/i><\/span>\r\n                    <\/span>\r\n                            <\/div>\r\n            <div class=\"accordion-content content17098048123 \">\r\n                <p>Afin de faire connaitre vos directives anticip\u00e9es aux professionnels, vous pouvez t\u00e9l\u00e9charger le document sur le site\u00a0<a href=\"https:\/\/www.service-public.fr\/particuliers\/vosdroits\/F32010\" target=\"_blank\" rel=\"noopener\">https:\/\/www.service-public.fr\/particuliers\/vosdroits\/F32010<\/a>\u00a0et le remettre au m\u00e9decin ou \u00e0 l\u2019\u00e9quipe m\u00e9dicale.<\/p>\n            <\/div>\r\n    \r\n            <div post_id=\"3989\" itemcount=\"5\"  header_id=\"header-17098048124\" id=\"header-17098048124\" style=\"\" class=\"accordions-head head17098048124 border-none\" toggle-text=\"\" main-text=\"Perte, vol ou casse d\u2019un objet personnel pendant mon s\u00e9jour : que faire ?\">\r\n                                    <span id=\"header-text-17098048124\" class=\"accordions-head-title\">Perte, vol ou casse d\u2019un objet personnel pendant mon s\u00e9jour : que faire ?<\/span>\r\n                    <span id=\"accordion-icons-17098048124\" class=\"accordion-icons\">\r\n                        <span class=\"accordion-icon-active accordion-plus\"><i class=\"fa-solid fa-circle-down\"><\/i><\/span>\r\n                        <span class=\"accordion-icon-inactive accordion-minus\"><i class=\"fa-solid fa-circle-down\"><\/i><\/span>\r\n                    <\/span>\r\n                            <\/div>\r\n            <div class=\"accordion-content content17098048124 \">\r\n                <p>Merci d\u2019adresser un courrier \u00e0 la direction des usagers indiquant les circonstances de la constatation de la perte, du vol ou de la casse de votre objet.<\/p>\n            <\/div>\r\n    \r\n            <div post_id=\"3989\" itemcount=\"6\"  header_id=\"header-1709807549196\" id=\"header-1709807549196\" style=\"\" class=\"accordions-head head1709807549196 border-none\" toggle-text=\"\" main-text=\"Puis-je m&#039;absenter de mon lieu de vie\">\r\n                                    <span id=\"header-text-1709807549196\" class=\"accordions-head-title\">Puis-je m'absenter de mon lieu de vie<\/span>\r\n                    <span id=\"accordion-icons-1709807549196\" class=\"accordion-icons\">\r\n                        <span class=\"accordion-icon-active accordion-plus\"><i class=\"fa-solid fa-circle-down\"><\/i><\/span>\r\n                        <span class=\"accordion-icon-inactive accordion-minus\"><i class=\"fa-solid fa-circle-down\"><\/i><\/span>\r\n                    <\/span>\r\n                            <\/div>\r\n            <div class=\"accordion-content content1709807549196 \">\r\n                <p>Les sorties d'EHPAD sont autoris\u00e9es sur autorisation m\u00e9dicale. Il convient donc d'en informer l'\u00e9quipe soignante suffisamment \u00e0 l'avance pour anticiper les modalit\u00e9s de sorties.<\/p>\n            <\/div>\r\n    \r\n            <div post_id=\"3989\" itemcount=\"7\"  header_id=\"header-1710853965086\" id=\"header-1710853965086\" style=\"\" class=\"accordions-head head1710853965086 border-none\" toggle-text=\"\" main-text=\"Puis-je refuser une visite ?\">\r\n                                    <span id=\"header-text-1710853965086\" class=\"accordions-head-title\">Puis-je refuser une visite ?<\/span>\r\n                    <span id=\"accordion-icons-1710853965086\" class=\"accordion-icons\">\r\n                        <span class=\"accordion-icon-active accordion-plus\"><i class=\"fa-solid fa-circle-down\"><\/i><\/span>\r\n                        <span class=\"accordion-icon-inactive accordion-minus\"><i class=\"fa-solid fa-circle-down\"><\/i><\/span>\r\n                    <\/span>\r\n                            <\/div>\r\n            <div class=\"accordion-content content1710853965086 \">\r\n                <p>Vous \u00eates en droit de refuser des visites. Signalez ce souhait d\u00e8s votre admission au sein du service.<\/p>\n            <\/div>\r\n    <\/div>\r\n\r\n\r\n\r\n            <\/div>\n\n\n\n<div style=\"height:100px\" aria-hidden=\"true\" class=\"wp-block-spacer\"><\/div>\n","protected":false},"excerpt":{"rendered":"<p>Vos questions les plus fr\u00e9quentes<\/p>\n","protected":false},"author":3,"featured_media":0,"parent":0,"menu_order":0,"comment_status":"closed","ping_status":"closed","template":"","meta":{"site-sidebar-layout":"default","site-content-layout":"","ast-site-content-layout":"","site-content-style":"default","site-sidebar-style":"default","ast-global-header-display":"","ast-banner-title-visibility":"","ast-main-header-display":"","ast-hfb-above-header-display":"","ast-hfb-below-header-display":"","ast-hfb-mobile-header-display":"","site-post-title":"disabled","ast-breadcrumbs-content":"","ast-featured-img":"","footer-sml-layout":"","theme-transparent-header-meta":"","adv-header-id-meta":"","stick-header-meta":"","header-above-stick-meta":"","header-main-stick-meta":"","header-below-stick-meta":"","astra-migrate-meta-layouts":"default","ast-page-background-enabled":"default","ast-page-background-meta":{"desktop":{"background-color":"var(--ast-global-color-4)","background-image":"","background-repeat":"repeat","background-position":"center center","background-size":"auto","background-attachment":"scroll","background-type":"","background-media":"","overlay-type":"","overlay-color":"","overlay-opacity":"","overlay-gradient":""},"tablet":{"background-color":"","background-image":"","background-repeat":"repeat","background-position":"center center","background-size":"auto","background-attachment":"scroll","background-type":"","background-media":"","overlay-type":"","overlay-color":"","overlay-opacity":"","overlay-gradient":""},"mobile":{"background-color":"","background-image":"","background-repeat":"repeat","background-position":"center center","background-size":"auto","background-attachment":"scroll","background-type":"","background-media":"","overlay-type":"","overlay-color":"","overlay-opacity":"","overlay-gradient":""}},"ast-content-background-meta":{"desktop":{"background-color":"var(--ast-global-color-5)","background-image":"","background-repeat":"repeat","background-position":"center center","background-size":"auto","background-attachment":"scroll","background-type":"","background-media":"","overlay-type":"","overlay-color":"","overlay-opacity":"","overlay-gradient":""},"tablet":{"background-color":"var(--ast-global-color-5)","background-image":"","background-repeat":"repeat","background-position":"center center","background-size":"auto","background-attachment":"scroll","background-type":"","background-media":"","overlay-type":"","overlay-color":"","overlay-opacity":"","overlay-gradient":""},"mobile":{"background-color":"var(--ast-global-color-5)","background-image":"","background-repeat":"repeat","background-position":"center center","background-size":"auto","background-attachment":"scroll","background-type":"","background-media":"","overlay-type":"","overlay-color":"","overlay-opacity":"","overlay-gradient":""}},"footnotes":""},"class_list":["post-3991","page","type-page","status-publish","hentry"],"yoast_head":"<!-- This site is optimized with the Yoast SEO plugin v25.5 - https:\/\/yoast.com\/wordpress\/plugins\/seo\/ -->\n<title>FAQ -<\/title>\n<meta name=\"robots\" content=\"index, follow, max-snippet:-1, max-image-preview:large, max-video-preview:-1\" \/>\n<link rel=\"canonical\" href=\"https:\/\/www.ch-aubusson.fr\/site\/faq\/\" \/>\n<meta property=\"og:locale\" content=\"fr_FR\" \/>\n<meta property=\"og:type\" content=\"article\" \/>\n<meta property=\"og:title\" content=\"FAQ -\" \/>\n<meta property=\"og:description\" content=\"Vos questions les plus fr\u00e9quentes\" \/>\n<meta property=\"og:url\" content=\"https:\/\/www.ch-aubusson.fr\/site\/faq\/\" \/>\n<meta property=\"article:publisher\" content=\"https:\/\/www.facebook.com\/people\/Centre-Hospitalier-dAubusson\/100064042814456\/\" \/>\n<meta property=\"article:modified_time\" content=\"2024-03-07T08:22:26+00:00\" \/>\n<meta name=\"twitter:card\" content=\"summary_large_image\" \/>\n<!-- \/ Yoast SEO plugin. -->","yoast_head_json":{"title":"FAQ -","robots":{"index":"index","follow":"follow","max-snippet":"max-snippet:-1","max-image-preview":"max-image-preview:large","max-video-preview":"max-video-preview:-1"},"canonical":"https:\/\/www.ch-aubusson.fr\/site\/faq\/","og_locale":"fr_FR","og_type":"article","og_title":"FAQ -","og_description":"Vos questions les plus fr\u00e9quentes","og_url":"https:\/\/www.ch-aubusson.fr\/site\/faq\/","article_publisher":"https:\/\/www.facebook.com\/people\/Centre-Hospitalier-dAubusson\/100064042814456\/","article_modified_time":"2024-03-07T08:22:26+00:00","twitter_card":"summary_large_image","schema":{"@context":"https:\/\/schema.org","@graph":[{"@type":"WebPage","@id":"https:\/\/www.ch-aubusson.fr\/site\/faq\/","url":"https:\/\/www.ch-aubusson.fr\/site\/faq\/","name":"FAQ -","isPartOf":{"@id":"https:\/\/www.ch-aubusson.fr\/site\/#website"},"datePublished":"2024-03-07T08:22:03+00:00","dateModified":"2024-03-07T08:22:26+00:00","breadcrumb":{"@id":"https:\/\/www.ch-aubusson.fr\/site\/faq\/#breadcrumb"},"inLanguage":"fr-FR","potentialAction":[{"@type":"ReadAction","target":["https:\/\/www.ch-aubusson.fr\/site\/faq\/"]}]},{"@type":"BreadcrumbList","@id":"https:\/\/www.ch-aubusson.fr\/site\/faq\/#breadcrumb","itemListElement":[{"@type":"ListItem","position":1,"name":"Accueil","item":"https:\/\/www.ch-aubusson.fr\/site\/"},{"@type":"ListItem","position":2,"name":"FAQ"}]},{"@type":"WebSite","@id":"https:\/\/www.ch-aubusson.fr\/site\/#website","url":"https:\/\/www.ch-aubusson.fr\/site\/","name":"Centre Hospitalier d'Aubusson","description":"","publisher":{"@id":"https:\/\/www.ch-aubusson.fr\/site\/#organization"},"potentialAction":[{"@type":"SearchAction","target":{"@type":"EntryPoint","urlTemplate":"https:\/\/www.ch-aubusson.fr\/site\/?s={search_term_string}"},"query-input":{"@type":"PropertyValueSpecification","valueRequired":true,"valueName":"search_term_string"}}],"inLanguage":"fr-FR"},{"@type":"Organization","@id":"https:\/\/www.ch-aubusson.fr\/site\/#organization","name":"Centre Hospitalier d'Aubusson","url":"https:\/\/www.ch-aubusson.fr\/site\/","logo":{"@type":"ImageObject","inLanguage":"fr-FR","@id":"https:\/\/www.ch-aubusson.fr\/site\/#\/schema\/logo\/image\/","url":"https:\/\/www.ch-aubusson.fr\/site\/wp-content\/uploads\/2024\/01\/cropped-LogoCentreHospitalier_Vertical_3Tonos-2.png","contentUrl":"https:\/\/www.ch-aubusson.fr\/site\/wp-content\/uploads\/2024\/01\/cropped-LogoCentreHospitalier_Vertical_3Tonos-2.png","width":800,"height":654,"caption":"Centre Hospitalier d'Aubusson"},"image":{"@id":"https:\/\/www.ch-aubusson.fr\/site\/#\/schema\/logo\/image\/"},"sameAs":["https:\/\/www.facebook.com\/people\/Centre-Hospitalier-dAubusson\/100064042814456\/","https:\/\/www.linkedin.com\/company\/ch-aubusson"]}]}},"_links":{"self":[{"href":"https:\/\/www.ch-aubusson.fr\/site\/wp-json\/wp\/v2\/pages\/3991","targetHints":{"allow":["GET"]}}],"collection":[{"href":"https:\/\/www.ch-aubusson.fr\/site\/wp-json\/wp\/v2\/pages"}],"about":[{"href":"https:\/\/www.ch-aubusson.fr\/site\/wp-json\/wp\/v2\/types\/page"}],"author":[{"embeddable":true,"href":"https:\/\/www.ch-aubusson.fr\/site\/wp-json\/wp\/v2\/users\/3"}],"replies":[{"embeddable":true,"href":"https:\/\/www.ch-aubusson.fr\/site\/wp-json\/wp\/v2\/comments?post=3991"}],"version-history":[{"count":2,"href":"https:\/\/www.ch-aubusson.fr\/site\/wp-json\/wp\/v2\/pages\/3991\/revisions"}],"predecessor-version":[{"id":3993,"href":"https:\/\/www.ch-aubusson.fr\/site\/wp-json\/wp\/v2\/pages\/3991\/revisions\/3993"}],"wp:attachment":[{"href":"https:\/\/www.ch-aubusson.fr\/site\/wp-json\/wp\/v2\/media?parent=3991"}],"curies":[{"name":"wp","href":"https:\/\/api.w.org\/{rel}","templated":true}]}}